{"id":41143,"date":"2021-07-20T11:44:24","date_gmt":"2021-07-20T08:44:24","guid":{"rendered":"https:\/\/fennougria.ee\/event\/ingerisoomlaste-xxix-laulu-ja-tantsupidu\/"},"modified":"2021-08-09T12:40:04","modified_gmt":"2021-08-09T09:40:04","slug":"hhh-yubilejnyj-prazdnik-pisni-i-tancza-ingermanlandskih-finnov-estonii","status":"publish","type":"event","link":"https:\/\/fennougria.ee\/ru\/meroprijatie\/hhh-yubilejnyj-prazdnik-pisni-i-tancza-ingermanlandskih-finnov-estonii\/","title":{"rendered":"\u0425\u0425\u0425 \u044e\u0431\u0438\u043b\u0435\u0439\u043d\u044b\u0439 \u043f\u0440\u0430\u0437\u0434\u043d\u0438\u043a \u043f\u0438\u0441\u043d\u0438 \u0438 \u0442\u0430\u043d\u0446\u0430 \u0418\u043d\u0433\u0435\u0440\u043c\u0430\u043d\u043b\u0430\u043d\u0434\u0441\u043a\u0438\u0445 \u0424\u0438\u043d\u043d\u043e\u0432 \u042d\u0441\u0442\u043e\u043d\u0438\u0438"},"content":{"rendered":"<p><strong>\u0421\u043f\u043e\u043d\u0441\u043e\u0440\u044b:<\/strong> \u0413\u043e\u0440\u043e\u0434 \u041f\u044f\u0440\u043d\u0443, \u043c\u0438\u043d\u0438\u0441\u0442\u0435\u0440\u0441\u0442\u0432\u043e \u041a\u0443\u043b\u044c\u0442\u0443\u0440\u044b \u042d\u0441\u0442\u043e\u043d\u0438\u0438, \u0424\u043e\u043d\u0434 \u041a\u0443\u043b\u044c\u0442\u0443\u0440\u044b, \u0426\u0435\u043d\u0442\u0440 \u041d\u0430\u0440\u043e\u0434\u043d\u043e\u0439 \u041a\u0443\u043b\u044c\u0442\u0443\u0440\u044b, \u0426\u0435\u043b\u0435\u0432\u043e\u0435 \u0443\u0447\u0440\u0435\u0436\u0434\u0435\u043d\u0438\u0435 \u0424\u043e\u043d\u0434 \u0418\u043d\u0442\u0435\u0433\u0440\u0430\u0446\u0438\u0438 \u0438 \u041c\u0438\u0433\u0440\u0430\u0446\u0438\u0438<\/p><hr class=\"wp-block-separator\"\/><pre id=\"block-84318e12-15ce-4f76-b1c3-6e259ca6dfc1\" class=\"wp-block-preformatted\"><strong>\u041f\u0440\u043e\u0433\u0440\u0430\u043c\u043c\u0430<\/strong><\/pre><pre class=\"wp-block-verse\"><strong>14.08.2021\n<\/strong>13 -13.30 \u0411\u043e\u0433\u043e\u0441\u043b\u0443\u0436\u0435\u043d\u0438\u0435 \u0432 \u0446. \u0441\u0432. \u0415\u043b\u0438\u0437\u0430\u0432\u0435\u0442\u044b \u043d\u0430 \u0444\u0438\u043d\u0441\u043a\u043e\u043c \u044f\u0437\u044b\u043a\u0435\n14.00 \u0442\u043e\u0440\u0436\u0435\u0441\u0442\u0432\u0435\u043d\u043d\u043e\u0435 \u0448\u0435\u0441\u0442\u0432\u0438\u0435 \u043d\u0430 \u0434\u0432\u043e\u0440 \u041f\u044f\u0440\u043d\u0443\u0441\u043a\u043e\u0439 \u0412\u0430\u043d\u0430\u043b\u0438\u043d\u043d\u0430\u0441\u043a\u043e\u0439 \u043e\u0441\u043d\u043e\u0432\u043d\u043e\u0439 \u0448\u043a\u043e\u043b\u044b\n14.30-17.00&nbsp; \u041f\u0440\u0430\u0437\u0434\u043d\u0438\u0447\u043d\u044b\u0439 \u043a\u043e\u043d\u0446\u0435\u0440\u0442\n18.00&nbsp; &nbsp; \u043f\u0440\u043e\u0433\u0440\u0430\u043c\u043c\u0430 \u043d\u0430 \u043e\u0442\u043a\u0440\u044b\u0442\u043e\u0439 \u044d\u0441\u0442\u0440\u0430\u0434\u0435 \u043c\u0443\u0437\u0435\u044f \u041a\u043e\u0439\u0434\u0443\u043b\u044b (\u043f\u043e \u043f\u0440\u0438\u0433\u043b\u0430\u0441\u0438\u0442\u0435\u043b\u044c\u043d\u044b\u043c)\n\n<strong>15.08.2021<\/strong> \n\u0432 11.00 \u0432 \u0437\u0430\u043b\u0435 \u0412\u0430\u043d\u0430\u043b\u0438\u043d\u043d\u0430\u0441\u043a\u043e\u0439 \u0448\u043a\u043e\u043b\u044b \u0441\u0435\u043c\u0438\u043d\u0430\u0440 \u043d\u0430 \u0442\u0435\u043c\u0443&nbsp;\u00ab\u0412\u043e\u0437\u0440\u043e\u0436\u0434\u0435\u043d\u0438\u0435 \u0446\u0435\u0440\u043a\u0432\u0438 \u0418\u043d\u0433\u0435\u0440\u0438 1988- 1993\u00bb\n<\/pre><div class=\"accordion my-10 border-top\" id=\"accordion-block_60f68cf6dbe8a\">\r\n    \n<div class=\"card border-bottom\">\r\n    <div class=\"card-header p-0\" id=\"accordion-heading-block_60f68e75e3bd8\">\r\n        <button class=\"btn d-flex align-items-center w-100 text-left collapsed border-0 p-0 item-title\" type=\"button\" data-toggle=\"collapse\" data-target=\"#accordion-item-block_60f68e75e3bd8\" aria-expanded=\"false\" aria-controls=\"accordion-item-block_60f68e75e3bd8\">\r\n            <span class=\"h3 my-4 ml-2 mr-4 d-inline-block text-body\">\u041f\u0420\u0415\u0421\u0421\u0420\u0415\u041b\u0418\u0417<\/span>\r\n        <\/button>\r\n    <\/div>\r\n    <div id=\"accordion-item-block_60f68e75e3bd8\" class=\"collapse\" aria-labelledby=\"accordion-heading-block_60f68e75e3bd8\">\r\n        <div class=\"card-body pt-0 pl-8 pr-4 pb-6 pb-md-10\">\r\n            \n<p><strong>\u0425\u0425\u0425 \u041f\u0440\u0430\u0437\u0434\u043d\u0438\u043a&nbsp; \u043f\u0435\u0441\u043d\u0438 \u0438 \u0442\u0430\u043d\u0446\u0430 \u0418\u043d\u0433\u0435\u0440\u043c\u0430\u043d\u043b\u0430\u043d\u0434\u0441\u043a\u0438\u0445 \u0444\u0438\u043d\u043d\u043e\u0432 \u042d\u0441\u0442\u043e\u043d\u0438\u0438 14-15. \u0430\u0432\u0433\u0443\u0441\u0442\u0430 \u0432 \u041f\u044f\u0440\u043d\u0443<\/strong><\/p>\n\n<p>\u0418\u043d\u0433\u0435\u0440\u043c\u0430\u043d\u043b\u0430\u043d\u0434\u0441\u043a\u0438\u0435 \u0444\u0438\u043d\u043d\u044b \u0441\u043e\u0441\u0442\u0430\u0432\u043b\u044f\u044e\u0442 \u0432 \u042d\u0441\u0442\u043e\u043d\u0438\u0438 \u043c\u0430\u043b\u0435\u043d\u044c\u043a\u043e\u0435, \u043d\u043e \u0430\u043a\u0442\u0438\u0432\u043d\u043e\u0435 \u043c\u0435\u043d\u044c\u0448\u0438\u043d\u0441\u0442\u0432\u043e. \u041e\u043d\u0438 \u043e\u0431\u044a\u0435\u0434\u0438\u043d\u0438\u043b\u0438\u0441\u044c \u0432 \u0434\u0435\u0441\u044f\u0442\u0438 \u0443\u0435\u0437\u0434\u0430\u0445 \u0432 \u043e\u0431\u0449\u0435\u0441\u0442\u0432\u0430 \u0438 \u0432\u043e\u0442 \u0443\u0436\u0435 \u043d\u0430 \u043f\u0440\u043e\u0442\u044f\u0436\u0435\u043d\u0438\u0438 30 \u043b\u0435\u0442 \u043e\u0440\u0433\u0430\u043d\u0438\u0437\u0443\u044e\u0442 \u0441\u0432\u043e\u0438 \u043f\u0435\u0432\u0447\u0435\u0441\u043a\u0438\u0435 \u043f\u0440\u0430\u0437\u0434\u043d\u0438\u043a\u0438. \u042d\u0442\u043e \u0441\u043e\u0431\u044b\u0442\u0438\u0435 \u044f\u0432\u043b\u044f\u0435\u0442\u0441\u044f \u043e\u0434\u043d\u043e\u0439 \u0438\u0437 \u043e\u0441\u043d\u043e\u0432 \u043d\u0430\u0448\u0435\u0439&nbsp; \u0441\u0430\u043c\u043e\u0431\u044b\u0442\u043d\u043e\u0439 \u043a\u0443\u043b\u044c\u0442\u0443\u0440\u044b.<\/p>\n\n<p>\u0425\u0425\u0425 \u044e\u0431\u0438\u043b\u0435\u0439\u043d\u044b\u0439 \u043f\u0440\u0430\u0437\u0434\u043d\u0438\u043a \u043f\u0438\u0441\u043d\u0438 \u0438 \u0442\u0430\u043d\u0446\u0430 \u0418\u043d\u0433\u0435\u0440\u043c\u0430\u043d\u043b\u0430\u043d\u0434\u0441\u043a\u0438\u0445 \u0424\u0438\u043d\u043d\u043e\u0432 \u042d\u0441\u0442\u043e\u043d\u0438\u0438 \u0441\u043e\u0441\u0442\u043e\u0438\u0442\u0441\u044f \u0432 \u041f\u044f\u0440\u043d\u0443 14. \u0410\u0432\u0433\u0443\u0441\u0442\u0430 2021 \u0432\u043e \u0434\u0432\u043e\u0440\u0435 \u041f\u044f\u0440\u043d\u0443\u0441\u043a\u043e\u0439 \u0412\u0430\u043d\u0430\u043b\u0438\u043d\u043d\u0430\u0441\u043a\u043e\u0439 \u043e\u0441\u043d\u043e\u0432\u043d\u043e\u0439 \u0448\u043a\u043e\u043b\u044b \u0441 14.30 \u0434\u043e 17.00.<\/p>\n\n<p>\u041a\u043e\u043d\u0446\u0435\u0440\u0442\u0443 \u043f\u0440\u0435\u0434\u0448\u0435\u0441\u0442\u0432\u0443\u0435\u0442 \u0442\u043e\u0440\u0436\u0435\u0441\u0442\u0432\u0435\u043d\u043d\u043e\u0435 \u0431\u043e\u0433\u043e\u0441\u043b\u0443\u0436\u0435\u043d\u0438\u0435 \u0432 \u0446\u0435\u0440\u043a\u0432\u0438 \u0441\u0432. \u0415\u043b\u0438\u0437\u0430\u0432\u0435\u0442\u044b&nbsp; \u0432 13.00 \u0438 \u0442\u043e\u0440\u0436\u0435\u0441\u0442\u0432\u0435\u043d\u043d\u043e\u0435 \u0448\u0430\u0441\u0442\u0432\u0438\u0435 \u043e\u0442 \u0446\u0435\u0440\u043a\u0432\u0438 \u043a \u043c\u0435\u0441\u0442\u0443 \u043f\u0440\u0430\u0437\u0434\u043d\u0438\u043a\u0430. \u0412\u0435\u0447\u0435\u0440 \u043f\u0440\u043e\u0434\u043e\u043b\u0436\u0438\u0442\u0441\u044f \u0432 \u0441\u0432\u043e\u0431\u043e\u0434\u043d\u043e\u043c \u0444\u043e\u0440\u043c\u0430\u0442\u0435 \u043d\u0430 \u043e\u0442\u043a\u0440\u044b\u0442\u043e\u0439 \u044d\u0441\u0442\u0440\u0430\u0434\u0435 \u043c\u0443\u0437\u0435\u044f \u041a\u043e\u0439\u0434\u0443\u043b\u044b (\u042f\u043d\u043d\u043d\u0441\u0435\u043d\u0438 37)<\/p>\n\n<p>\u0412 \u043f\u0440\u0433\u0440\u0430\u043c\u043c\u0435 \u043c\u0438\u043d\u0438\u0441\u043f\u0435\u043a\u0442\u0430\u043a\u043b\u044c \u043d\u0430 \u0438\u043d\u0433\u0435\u0440\u043c\u0430\u043d\u043b\u0430\u043d\u0434\u0441\u043a\u043e\u043c \u044f\u0437\u044b\u043a\u0435 \u00bb \u041a\u0430\u043a \u043c\u043e\u043b\u043e\u0447\u043d\u0438\u0446\u044b \u0438\u0437 \u041a\u0435\u043a\u043a\u0438\u043b\u044f \u0440\u0435\u0448\u0438\u043b\u0438 \u043f\u043e\u0439\u0442\u0438 \u043d\u0430 \u043f\u0440\u0430\u0437\u0434\u043d\u0438\u043a \u043f\u0435\u0441\u043d\u0438 \u0432 \u0422\u0443\u0443\u0442\u0430\u0440\u0438\u00bb \u043f\u043e \u043c\u043e\u0442\u0438\u0432\u0430\u043c \u041c\u043e\u0437\u0435\u0441\u0430 \u041f\u0443\u0442\u0440\u043e; \u0438\u043d\u0433\u0435\u0440\u043c\u0430\u043d\u043b\u0430\u043d\u0434\u0441\u043a\u0438\u0435 \u0434\u0435\u0440\u0435\u0432\u0435\u043d\u0441\u043a\u0438\u0435 \u043a\u0430\u0447\u0435\u043b\u0438 \u00bb\u0410\u0410\u041b\u0415\u00bb, \u0437\u043d\u0430\u043a\u043e\u043c\u0441\u0442\u0432\u043e \u0441 \u043a\u0430\u0447\u0435\u043b\u044c\u043d\u044b\u043c\u0438 \u043f\u0435\u0441\u043d\u044f\u043c\u0438.<\/p>\n\n<p>15. \u0444\u0432\u0433\u0443\u0441\u0442\u0430 \u0432 \u0437\u0430\u043b\u0435 \u041f\u044f\u0440\u043d\u0443\u0441\u043a\u043e\u0439 \u0412\u0430\u043d\u0430\u043b\u0438\u043d\u043d\u0430\u0441\u043a\u043e\u0439 \u043e\u0441\u043d\u043e\u0432\u043d\u043e\u0439&nbsp; \u0448\u043a\u043e\u043b\u044b \u0441\u043e\u0441\u0442\u043e\u0438\u0442\u0441\u044f \u0441\u0435\u043c\u0438\u043d\u0430\u0440&nbsp;\u00ab\u0412\u043e\u0437\u0440\u043e\u0436\u0434\u0435\u043d\u0438\u0435 \u0446\u0435\u0440\u043a\u0432\u0438 \u0418\u043d\u0433\u0435\u0440\u0438 1988-1993\u00bb. \u0421 \u0434\u043e\u043a\u043b\u0430\u0434\u0430\u043c\u0438 \u0432\u044b\u0441\u0442\u0443\u043f\u044f\u0442 \u0410\u043d\u0442\u0442\u0438 \u041b\u0443\u043e\u043c\u0430, \u0435\u043f\u0438\u0441\u043a\u043e\u043f \u0422\u0438\u0438\u0442 \u0421\u0430\u043b\u0443\u043c\u044f\u044d, \u043c\u0438\u0441\u0441\u0438\u043e\u043d\u0435\u0440 \u041f\u0430\u0441\u0438 \u0425\u0443\u044f\u043d\u0435\u043d \u0438 \u041a\u0440\u0438\u0441\u0442\u0438\u043d\u0430 \u0425\u044f\u0439\u043a\u0438\u0451. \u041c\u043e\u0434\u0435\u0440\u0430\u0442\u0430\u0440 \u0441\u0435\u043c\u0438\u043d\u0430\u0440\u0430 \u0422\u0430\u0439\u0441\u0442\u043e \u0420\u0430\u0443\u0434\u0430\u043b\u0430\u0439\u043d\u0435\u043d.<\/p>\n\n<p>\u0421\u043f\u043e\u043d\u0441\u043e\u0440\u044b: \u0413\u043e\u0440\u043e\u0434 \u041f\u044f\u0440\u043d\u0443, \u043c\u0438\u043d\u0438\u0441\u0442\u0435\u0440\u0441\u0442\u0432\u043e \u041a\u0443\u043b\u044c\u0442\u0443\u0440\u044b \u042d\u0441\u0442\u043e\u043d\u0438\u0438, \u0424\u043e\u043d\u0434 \u041a\u0443\u043b\u044c\u0442\u0443\u0440\u044b, \u0426\u0435\u043d\u0442\u0440 \u041d\u0430\u0440\u043e\u0434\u043d\u043e\u0439 \u041a\u0443\u043b\u044c\u0442\u0443\u0440\u044b, \u0426\u0435\u043b\u0435\u0432\u043e\u0435 \u0443\u0447\u0440\u0435\u0436\u0434\u0435\u043d\u0438\u0435 \u0424\u043e\u043d\u0434 \u0418\u043d\u0442\u0435\u0433\u0440\u0430\u0446\u0438\u0438 \u0438 \u041c\u0438\u0433\u0440\u0430\u0446\u0438\u0438<\/p>\n\r\n        <\/div>\r\n    <\/div>\r\n<\/div>\n\n<div class=\"card border-bottom\">\r\n    <div class=\"card-header p-0\" id=\"accordion-heading-block_60f68ddbdbe8c\">\r\n        <button class=\"btn d-flex align-items-center w-100 text-left collapsed border-0 p-0 item-title\" type=\"button\" data-toggle=\"collapse\" data-target=\"#accordion-item-block_60f68ddbdbe8c\" aria-expanded=\"false\" aria-controls=\"accordion-item-block_60f68ddbdbe8c\">\r\n            <span class=\"h3 my-4 ml-2 mr-4 d-inline-block text-body\">Lehdist\u00f6tiedote<\/span>\r\n        <\/button>\r\n    <\/div>\r\n    <div id=\"accordion-item-block_60f68ddbdbe8c\" class=\"collapse\" aria-labelledby=\"accordion-heading-block_60f68ddbdbe8c\">\r\n        <div class=\"card-body pt-0 pl-8 pr-4 pb-6 pb-md-10\">\r\n            \n<p><strong>Viron inkerinsuomalaisten XXX laulu- ja tanssijuhlat P\u00e4rnussa 14.-15. elokuuta 2021<\/strong><\/p>\n\n<p>Inkeril\u00e4iset Virossa muodostavat pienen, mutta hanakan v\u00e4hemmist\u00f6n. He ovat j\u00e4rjest\u00e4ytyneet kymmenkuntaan seuraan eri kaupungeissa.&nbsp;N\u00e4iss\u00e4 kaupungeissa on jo 30 vuoden ajan vuoron per\u00e4\u00e4n pidetty laulu- ja tanhujuhlia. Juhlia voidaan katsoa kansansirpaleen t\u00e4rke\u00e4ksi tukipylv\u00e4\u00e4ksi.&nbsp;<\/p>\n\n<p>Viron inkerinsuomalaisten XXX juhlavuoden laulu- ja tanssijuhlien konsertti j\u00e4rjestet\u00e4\u00e4n&nbsp;14. elokuuta 2021 P\u00e4rnun Vanalinnan koulun sis\u00e4pihalla klo 14.30 &#8212; 17.00.<\/p>\n\n<p>Konserttia edelt\u00e4\u00e4 suomenkielinen jumalanpalvelus Elisabetin kirkossa klo 13.00.<\/p>\n\n<p>Jumalanpalveluksesta liikutaan juhla-alueelle kulkueena klo 14.00.&nbsp;<\/p>\n\n<p>Iltajuhla alkaa klo 18 P\u00e4rnun Koidulan museon ulkoilmalavalla \u00dclej\u00f5en kaupunginosassa (os. J.V. Jannseni 37).<\/p>\n\n<p>Ohjelmassa on inkerin murteella esitetty Mooses Putron lyhytn\u00e4ytelm\u00e4<em> Miten Kekkil\u00e4n maitoakat pi\u00e4ttiit m\u00e4nn\u00e4 Tuutarin laulujuhliin<\/em>, inkeril\u00e4isen Aale-kyl\u00e4kiikun esittely ja kiikkulaulujen laulamista.<\/p>\n\n<p>Juhlan toisena p\u00e4iv\u00e4n\u00e4 (15.8.) j\u00e4rjestet\u00e4\u00e4n Vanalinnan koulun salissa klo 11.00 alkaen seminaari, jonka aiheena on <em>Inkerin kirkon nousu 1988-1993<\/em>.<\/p>\n\n<p>Luennoitsijoina toimivat <strong>Antti Luoma<\/strong>, joka puolusti t\u00e4n\u00e4 vuonna v\u00e4it\u00f6skirjan samasta aiheesta Helsingin yliopistossam piispa <strong>Tiit Salum\u00e4e<\/strong>, l\u00e4hetyssaarnaaja <strong>Pasi Hujanen<\/strong> sek\u00e4 entinen diplomaattinen ty\u00f6ntekij\u00e4, politologi <strong>Kristiina H\u00e4iki\u00f6<\/strong>.&nbsp;<\/p>\n\n<p>Keskustelun moderaattorina toimii<strong> Taisto Raudalainen.<\/strong><\/p>\n\n<p>Juhlavuoden tapahtumaa tukevat P\u00e4rnun kaupunki, Viron kulttuuriministeri\u00f6, Viron kulttuurirahasto, Kansankulttuurikeskus sek\u00e4 integraation ja maahanmuuton s\u00e4\u00e4ti\u00f6 Meie Inimesed.<\/p>\n\n<hr class=\"wp-block-separator\"\/>\n\n<pre class=\"wp-block-verse\"><strong>Viron inkerinsuomalaisten XXX laulu- ja tanssijuhlat P\u00e4rnussa 14.-15. elokuuta 2021<\/strong>\n\n<strong>OHJELMA<\/strong>\n<strong>14. elokuuta\n<\/strong>&nbsp;Kello 13 \u2013 13.45 Jumalanpalvelus P\u00e4rnun Elisabetin kirkossa\n&nbsp;Kello 14.00 Juhlakulkue P\u00e4rnun Vanalinnan koulun sis\u00e4pihalle\n&nbsp;Kello 14.30 \u2013 17.00 Juhlakonsertti P\u00e4rnun Vanalinnan koulun sis\u00e4pihalla\n&nbsp;Kello 18.00 Yhteinen illanvietto P\u00e4rnun Koidulan museon ulkoilmalavalla (kutsut)\n\n<strong>15. elokuuta \n<\/strong> Kello 11.00 P\u00e4rnun Vanalinnan koulun salissa seminaari aiheesta Inkerin kirkon nousu  1988-1993<strong>.<\/strong><\/pre>\n\r\n        <\/div>\r\n    <\/div>\r\n<\/div>\n\r\n<\/div><figure class=\"wp-block-image size-large\"><img loading=\"lazy\" decoding=\"async\" width=\"980\" height=\"380\" src=\"https:\/\/fennougria.ee\/wp-content\/uploads\/2021\/07\/allikas-esko_ingresioomlaste-laulupidu.jpg\" alt=\"\" class=\"wp-image-41097\" srcset=\"https:\/\/fennougria.ee\/wp-content\/uploads\/2021\/07\/allikas-esko_ingresioomlaste-laulupidu.jpg 980w, https:\/\/fennougria.ee\/wp-content\/uploads\/2021\/07\/allikas-esko_ingresioomlaste-laulupidu-600x233.jpg 600w, https:\/\/fennougria.ee\/wp-content\/uploads\/2021\/07\/allikas-esko_ingresioomlaste-laulupidu-300x116.jpg 300w, https:\/\/fennougria.ee\/wp-content\/uploads\/2021\/07\/allikas-esko_ingresioomlaste-laulupidu-768x298.jpg 768w\" sizes=\"auto, (max-width: 980px) 100vw, 980px\" \/><figcaption>Vaata l\u00e4hemalt <a href=\"https:\/\/eestisoomlane.ee\" target=\"_blank\" rel=\"noreferrer noopener\">www.eestisoomlane.ee<\/a> <br>Info: <a href=\"mailto:parnuingeri@gmail.com\" target=\"_blank\" rel=\"noreferrer noopener\">parnuingeri@gmail.com<\/a>, 55616061, 5294315<\/figcaption><\/figure>","protected":false},"excerpt":{"rendered":"<p>14-15. \u0430\u0432\u0433\u0443\u0441\u0442\u0430 \u0432 \u041f\u044f\u0440\u043d\u0443<\/p>\n","protected":false},"author":15,"featured_media":41094,"template":"","meta":{"_acf_changed":false},"tags":[3133,3120,3129,3162,3165,3131,3108],"event-venue":[3411],"event-category":[],"event-tag":[],"class_list":["post-41143","event","type-event","status-publish","has-post-thumbnail","hentry","tag-2021-ru","tag-ingermanlandczy-ru","tag-muzyka-ru","tag-rech-ru","tag-tradicziya-ru","tag-festival-ru","tag-estonczy-ru","event-venue-parnus-ru"],"acf":[],"yoast_head":"<!-- This site is optimized with the Yoast SEO plugin v27.5 - https:\/\/yoast.com\/product\/yoast-seo-wordpress\/ -->\n<title>\u0425\u0425\u0425 \u044e\u0431\u0438\u043b\u0435\u0439\u043d\u044b\u0439 \u043f\u0440\u0430\u0437\u0434\u043d\u0438\u043a \u043f\u0438\u0441\u043d\u0438 \u0438 \u0442\u0430\u043d\u0446\u0430 \u0418\u043d\u0433\u0435\u0440\u043c\u0430\u043d\u043b\u0430\u043d\u0434\u0441\u043a\u0438\u0445 \u0424\u0438\u043d\u043d\u043e\u0432 \u042d\u0441\u0442\u043e\u043d\u0438\u0438 - Fenno-Ugria<\/title>\n<meta name=\"robots\" content=\"index, follow, max-snippet:-1, max-image-preview:large, max-video-preview:-1\" \/>\n<link rel=\"canonical\" href=\"https:\/\/fennougria.ee\/ru\/meroprijatie\/hhh-yubilejnyj-prazdnik-pisni-i-tancza-ingermanlandskih-finnov-estonii\/\" \/>\n<meta property=\"og:locale\" content=\"ru_RU\" \/>\n<meta property=\"og:type\" content=\"article\" \/>\n<meta property=\"og:title\" content=\"\u0425\u0425\u0425 \u044e\u0431\u0438\u043b\u0435\u0439\u043d\u044b\u0439 \u043f\u0440\u0430\u0437\u0434\u043d\u0438\u043a \u043f\u0438\u0441\u043d\u0438 \u0438 \u0442\u0430\u043d\u0446\u0430 \u0418\u043d\u0433\u0435\u0440\u043c\u0430\u043d\u043b\u0430\u043d\u0434\u0441\u043a\u0438\u0445 \u0424\u0438\u043d\u043d\u043e\u0432 \u042d\u0441\u0442\u043e\u043d\u0438\u0438 - Fenno-Ugria\" \/>\n<meta property=\"og:description\" content=\"14-15. \u0430\u0432\u0433\u0443\u0441\u0442\u0430 \u0432 \u041f\u044f\u0440\u043d\u0443\" \/>\n<meta property=\"og:url\" content=\"https:\/\/fennougria.ee\/ru\/meroprijatie\/hhh-yubilejnyj-prazdnik-pisni-i-tancza-ingermanlandskih-finnov-estonii\/\" \/>\n<meta property=\"og:site_name\" content=\"Fenno-Ugria\" \/>\n<meta property=\"article:publisher\" content=\"https:\/\/www.facebook.com\/fennougria\/\" \/>\n<meta property=\"article:modified_time\" content=\"2021-08-09T09:40:04+00:00\" \/>\n<meta property=\"og:image\" content=\"https:\/\/fennougria.ee\/wp-content\/uploads\/2021\/07\/ingrisoomlaste-laulupidu_allikas_fb.jpg\" \/>\n\t<meta property=\"og:image:width\" content=\"2048\" \/>\n\t<meta property=\"og:image:height\" content=\"1365\" \/>\n\t<meta property=\"og:image:type\" content=\"image\/jpeg\" \/>\n<meta name=\"twitter:card\" content=\"summary_large_image\" \/>\n<meta name=\"twitter:label1\" content=\"\u041f\u0440\u0438\u043c\u0435\u0440\u043d\u043e\u0435 \u0432\u0440\u0435\u043c\u044f \u0434\u043b\u044f \u0447\u0442\u0435\u043d\u0438\u044f\" \/>\n\t<meta name=\"twitter:data1\" content=\"3 \u043c\u0438\u043d\u0443\u0442\u044b\" \/>\n<script type=\"application\/ld+json\" class=\"yoast-schema-graph\">{\"@context\":\"https:\\\/\\\/schema.org\",\"@graph\":[{\"@type\":\"WebPage\",\"@id\":\"https:\\\/\\\/fennougria.ee\\\/ru\\\/meroprijatie\\\/hhh-yubilejnyj-prazdnik-pisni-i-tancza-ingermanlandskih-finnov-estonii\\\/\",\"url\":\"https:\\\/\\\/fennougria.ee\\\/ru\\\/meroprijatie\\\/hhh-yubilejnyj-prazdnik-pisni-i-tancza-ingermanlandskih-finnov-estonii\\\/\",\"name\":\"\u0425\u0425\u0425 \u044e\u0431\u0438\u043b\u0435\u0439\u043d\u044b\u0439 \u043f\u0440\u0430\u0437\u0434\u043d\u0438\u043a \u043f\u0438\u0441\u043d\u0438 \u0438 \u0442\u0430\u043d\u0446\u0430 \u0418\u043d\u0433\u0435\u0440\u043c\u0430\u043d\u043b\u0430\u043d\u0434\u0441\u043a\u0438\u0445 \u0424\u0438\u043d\u043d\u043e\u0432 \u042d\u0441\u0442\u043e\u043d\u0438\u0438 - Fenno-Ugria\",\"isPartOf\":{\"@id\":\"https:\\\/\\\/fennougria.ee\\\/ru\\\/#website\"},\"primaryImageOfPage\":{\"@id\":\"https:\\\/\\\/fennougria.ee\\\/ru\\\/meroprijatie\\\/hhh-yubilejnyj-prazdnik-pisni-i-tancza-ingermanlandskih-finnov-estonii\\\/#primaryimage\"},\"image\":{\"@id\":\"https:\\\/\\\/fennougria.ee\\\/ru\\\/meroprijatie\\\/hhh-yubilejnyj-prazdnik-pisni-i-tancza-ingermanlandskih-finnov-estonii\\\/#primaryimage\"},\"thumbnailUrl\":\"https:\\\/\\\/fennougria.ee\\\/wp-content\\\/uploads\\\/2021\\\/07\\\/ingrisoomlaste-laulupidu_allikas_fb.jpg\",\"datePublished\":\"2021-07-20T08:44:24+00:00\",\"dateModified\":\"2021-08-09T09:40:04+00:00\",\"breadcrumb\":{\"@id\":\"https:\\\/\\\/fennougria.ee\\\/ru\\\/meroprijatie\\\/hhh-yubilejnyj-prazdnik-pisni-i-tancza-ingermanlandskih-finnov-estonii\\\/#breadcrumb\"},\"inLanguage\":\"ru-RU\",\"potentialAction\":[{\"@type\":\"ReadAction\",\"target\":[\"https:\\\/\\\/fennougria.ee\\\/ru\\\/meroprijatie\\\/hhh-yubilejnyj-prazdnik-pisni-i-tancza-ingermanlandskih-finnov-estonii\\\/\"]}]},{\"@type\":\"ImageObject\",\"inLanguage\":\"ru-RU\",\"@id\":\"https:\\\/\\\/fennougria.ee\\\/ru\\\/meroprijatie\\\/hhh-yubilejnyj-prazdnik-pisni-i-tancza-ingermanlandskih-finnov-estonii\\\/#primaryimage\",\"url\":\"https:\\\/\\\/fennougria.ee\\\/wp-content\\\/uploads\\\/2021\\\/07\\\/ingrisoomlaste-laulupidu_allikas_fb.jpg\",\"contentUrl\":\"https:\\\/\\\/fennougria.ee\\\/wp-content\\\/uploads\\\/2021\\\/07\\\/ingrisoomlaste-laulupidu_allikas_fb.jpg\",\"width\":2048,\"height\":1365},{\"@type\":\"BreadcrumbList\",\"@id\":\"https:\\\/\\\/fennougria.ee\\\/ru\\\/meroprijatie\\\/hhh-yubilejnyj-prazdnik-pisni-i-tancza-ingermanlandskih-finnov-estonii\\\/#breadcrumb\",\"itemListElement\":[{\"@type\":\"ListItem\",\"position\":1,\"name\":\"Home\",\"item\":\"https:\\\/\\\/fennougria.ee\\\/ru\\\/\"},{\"@type\":\"ListItem\",\"position\":2,\"name\":\"\u0421\u043e\u0431\u044b\u0442\u0438\u044f\",\"item\":\"https:\\\/\\\/fennougria.ee\\\/ru\\\/meroprijatie\\\/\"},{\"@type\":\"ListItem\",\"position\":3,\"name\":\"\u0425\u0425\u0425 \u044e\u0431\u0438\u043b\u0435\u0439\u043d\u044b\u0439 \u043f\u0440\u0430\u0437\u0434\u043d\u0438\u043a \u043f\u0438\u0441\u043d\u0438 \u0438 \u0442\u0430\u043d\u0446\u0430 \u0418\u043d\u0433\u0435\u0440\u043c\u0430\u043d\u043b\u0430\u043d\u0434\u0441\u043a\u0438\u0445 \u0424\u0438\u043d\u043d\u043e\u0432 \u042d\u0441\u0442\u043e\u043d\u0438\u0438\"}]},{\"@type\":\"WebSite\",\"@id\":\"https:\\\/\\\/fennougria.ee\\\/ru\\\/#website\",\"url\":\"https:\\\/\\\/fennougria.ee\\\/ru\\\/\",\"name\":\"Fenno-Ugria\",\"description\":\"Koost\u00f6\u00f6s soome-ugri rahvastega aastast 1927\",\"publisher\":{\"@id\":\"https:\\\/\\\/fennougria.ee\\\/ru\\\/#organization\"},\"potentialAction\":[{\"@type\":\"SearchAction\",\"target\":{\"@type\":\"EntryPoint\",\"urlTemplate\":\"https:\\\/\\\/fennougria.ee\\\/ru\\\/?s={search_term_string}\"},\"query-input\":{\"@type\":\"PropertyValueSpecification\",\"valueRequired\":true,\"valueName\":\"search_term_string\"}}],\"inLanguage\":\"ru-RU\"},{\"@type\":\"Organization\",\"@id\":\"https:\\\/\\\/fennougria.ee\\\/ru\\\/#organization\",\"name\":\"Fenno-Ugria\",\"url\":\"https:\\\/\\\/fennougria.ee\\\/ru\\\/\",\"logo\":{\"@type\":\"ImageObject\",\"inLanguage\":\"ru-RU\",\"@id\":\"https:\\\/\\\/fennougria.ee\\\/ru\\\/#\\\/schema\\\/logo\\\/image\\\/\",\"url\":\"https:\\\/\\\/fennougria.ee\\\/wp-content\\\/uploads\\\/2020\\\/05\\\/Klotslogo-RU.png\",\"contentUrl\":\"https:\\\/\\\/fennougria.ee\\\/wp-content\\\/uploads\\\/2020\\\/05\\\/Klotslogo-RU.png\",\"width\":170,\"height\":142,\"caption\":\"Fenno-Ugria\"},\"image\":{\"@id\":\"https:\\\/\\\/fennougria.ee\\\/ru\\\/#\\\/schema\\\/logo\\\/image\\\/\"},\"sameAs\":[\"https:\\\/\\\/www.facebook.com\\\/fennougria\\\/\",\"https:\\\/\\\/www.instagram.com\\\/fennougria\\\/\",\"https:\\\/\\\/www.youtube.com\\\/channel\\\/UC8YOp4Bv3yomOl8fSrxeqzA\",\"https:\\\/\\\/et.wikipedia.org\\\/wiki\\\/Fenno-Ugria_Asutus\"]}]}<\/script>\n<!-- \/ Yoast SEO plugin. -->","yoast_head_json":{"title":"\u0425\u0425\u0425 \u044e\u0431\u0438\u043b\u0435\u0439\u043d\u044b\u0439 \u043f\u0440\u0430\u0437\u0434\u043d\u0438\u043a \u043f\u0438\u0441\u043d\u0438 \u0438 \u0442\u0430\u043d\u0446\u0430 \u0418\u043d\u0433\u0435\u0440\u043c\u0430\u043d\u043b\u0430\u043d\u0434\u0441\u043a\u0438\u0445 \u0424\u0438\u043d\u043d\u043e\u0432 \u042d\u0441\u0442\u043e\u043d\u0438\u0438 - Fenno-Ugria","robots":{"index":"index","follow":"follow","max-snippet":"max-snippet:-1","max-image-preview":"max-image-preview:large","max-video-preview":"max-video-preview:-1"},"canonical":"https:\/\/fennougria.ee\/ru\/meroprijatie\/hhh-yubilejnyj-prazdnik-pisni-i-tancza-ingermanlandskih-finnov-estonii\/","og_locale":"ru_RU","og_type":"article","og_title":"\u0425\u0425\u0425 \u044e\u0431\u0438\u043b\u0435\u0439\u043d\u044b\u0439 \u043f\u0440\u0430\u0437\u0434\u043d\u0438\u043a \u043f\u0438\u0441\u043d\u0438 \u0438 \u0442\u0430\u043d\u0446\u0430 \u0418\u043d\u0433\u0435\u0440\u043c\u0430\u043d\u043b\u0430\u043d\u0434\u0441\u043a\u0438\u0445 \u0424\u0438\u043d\u043d\u043e\u0432 \u042d\u0441\u0442\u043e\u043d\u0438\u0438 - Fenno-Ugria","og_description":"14-15. \u0430\u0432\u0433\u0443\u0441\u0442\u0430 \u0432 \u041f\u044f\u0440\u043d\u0443","og_url":"https:\/\/fennougria.ee\/ru\/meroprijatie\/hhh-yubilejnyj-prazdnik-pisni-i-tancza-ingermanlandskih-finnov-estonii\/","og_site_name":"Fenno-Ugria","article_publisher":"https:\/\/www.facebook.com\/fennougria\/","article_modified_time":"2021-08-09T09:40:04+00:00","og_image":[{"width":2048,"height":1365,"url":"https:\/\/fennougria.ee\/wp-content\/uploads\/2021\/07\/ingrisoomlaste-laulupidu_allikas_fb.jpg","type":"image\/jpeg"}],"twitter_card":"summary_large_image","twitter_misc":{"\u041f\u0440\u0438\u043c\u0435\u0440\u043d\u043e\u0435 \u0432\u0440\u0435\u043c\u044f \u0434\u043b\u044f \u0447\u0442\u0435\u043d\u0438\u044f":"3 \u043c\u0438\u043d\u0443\u0442\u044b"},"schema":{"@context":"https:\/\/schema.org","@graph":[{"@type":"WebPage","@id":"https:\/\/fennougria.ee\/ru\/meroprijatie\/hhh-yubilejnyj-prazdnik-pisni-i-tancza-ingermanlandskih-finnov-estonii\/","url":"https:\/\/fennougria.ee\/ru\/meroprijatie\/hhh-yubilejnyj-prazdnik-pisni-i-tancza-ingermanlandskih-finnov-estonii\/","name":"\u0425\u0425\u0425 \u044e\u0431\u0438\u043b\u0435\u0439\u043d\u044b\u0439 \u043f\u0440\u0430\u0437\u0434\u043d\u0438\u043a \u043f\u0438\u0441\u043d\u0438 \u0438 \u0442\u0430\u043d\u0446\u0430 \u0418\u043d\u0433\u0435\u0440\u043c\u0430\u043d\u043b\u0430\u043d\u0434\u0441\u043a\u0438\u0445 \u0424\u0438\u043d\u043d\u043e\u0432 \u042d\u0441\u0442\u043e\u043d\u0438\u0438 - Fenno-Ugria","isPartOf":{"@id":"https:\/\/fennougria.ee\/ru\/#website"},"primaryImageOfPage":{"@id":"https:\/\/fennougria.ee\/ru\/meroprijatie\/hhh-yubilejnyj-prazdnik-pisni-i-tancza-ingermanlandskih-finnov-estonii\/#primaryimage"},"image":{"@id":"https:\/\/fennougria.ee\/ru\/meroprijatie\/hhh-yubilejnyj-prazdnik-pisni-i-tancza-ingermanlandskih-finnov-estonii\/#primaryimage"},"thumbnailUrl":"https:\/\/fennougria.ee\/wp-content\/uploads\/2021\/07\/ingrisoomlaste-laulupidu_allikas_fb.jpg","datePublished":"2021-07-20T08:44:24+00:00","dateModified":"2021-08-09T09:40:04+00:00","breadcrumb":{"@id":"https:\/\/fennougria.ee\/ru\/meroprijatie\/hhh-yubilejnyj-prazdnik-pisni-i-tancza-ingermanlandskih-finnov-estonii\/#breadcrumb"},"inLanguage":"ru-RU","potentialAction":[{"@type":"ReadAction","target":["https:\/\/fennougria.ee\/ru\/meroprijatie\/hhh-yubilejnyj-prazdnik-pisni-i-tancza-ingermanlandskih-finnov-estonii\/"]}]},{"@type":"ImageObject","inLanguage":"ru-RU","@id":"https:\/\/fennougria.ee\/ru\/meroprijatie\/hhh-yubilejnyj-prazdnik-pisni-i-tancza-ingermanlandskih-finnov-estonii\/#primaryimage","url":"https:\/\/fennougria.ee\/wp-content\/uploads\/2021\/07\/ingrisoomlaste-laulupidu_allikas_fb.jpg","contentUrl":"https:\/\/fennougria.ee\/wp-content\/uploads\/2021\/07\/ingrisoomlaste-laulupidu_allikas_fb.jpg","width":2048,"height":1365},{"@type":"BreadcrumbList","@id":"https:\/\/fennougria.ee\/ru\/meroprijatie\/hhh-yubilejnyj-prazdnik-pisni-i-tancza-ingermanlandskih-finnov-estonii\/#breadcrumb","itemListElement":[{"@type":"ListItem","position":1,"name":"Home","item":"https:\/\/fennougria.ee\/ru\/"},{"@type":"ListItem","position":2,"name":"\u0421\u043e\u0431\u044b\u0442\u0438\u044f","item":"https:\/\/fennougria.ee\/ru\/meroprijatie\/"},{"@type":"ListItem","position":3,"name":"\u0425\u0425\u0425 \u044e\u0431\u0438\u043b\u0435\u0439\u043d\u044b\u0439 \u043f\u0440\u0430\u0437\u0434\u043d\u0438\u043a \u043f\u0438\u0441\u043d\u0438 \u0438 \u0442\u0430\u043d\u0446\u0430 \u0418\u043d\u0433\u0435\u0440\u043c\u0430\u043d\u043b\u0430\u043d\u0434\u0441\u043a\u0438\u0445 \u0424\u0438\u043d\u043d\u043e\u0432 \u042d\u0441\u0442\u043e\u043d\u0438\u0438"}]},{"@type":"WebSite","@id":"https:\/\/fennougria.ee\/ru\/#website","url":"https:\/\/fennougria.ee\/ru\/","name":"Fenno-Ugria","description":"Koost\u00f6\u00f6s soome-ugri rahvastega aastast 1927","publisher":{"@id":"https:\/\/fennougria.ee\/ru\/#organization"},"potentialAction":[{"@type":"SearchAction","target":{"@type":"EntryPoint","urlTemplate":"https:\/\/fennougria.ee\/ru\/?s={search_term_string}"},"query-input":{"@type":"PropertyValueSpecification","valueRequired":true,"valueName":"search_term_string"}}],"inLanguage":"ru-RU"},{"@type":"Organization","@id":"https:\/\/fennougria.ee\/ru\/#organization","name":"Fenno-Ugria","url":"https:\/\/fennougria.ee\/ru\/","logo":{"@type":"ImageObject","inLanguage":"ru-RU","@id":"https:\/\/fennougria.ee\/ru\/#\/schema\/logo\/image\/","url":"https:\/\/fennougria.ee\/wp-content\/uploads\/2020\/05\/Klotslogo-RU.png","contentUrl":"https:\/\/fennougria.ee\/wp-content\/uploads\/2020\/05\/Klotslogo-RU.png","width":170,"height":142,"caption":"Fenno-Ugria"},"image":{"@id":"https:\/\/fennougria.ee\/ru\/#\/schema\/logo\/image\/"},"sameAs":["https:\/\/www.facebook.com\/fennougria\/","https:\/\/www.instagram.com\/fennougria\/","https:\/\/www.youtube.com\/channel\/UC8YOp4Bv3yomOl8fSrxeqzA","https:\/\/et.wikipedia.org\/wiki\/Fenno-Ugria_Asutus"]}]}},"_links":{"self":[{"href":"https:\/\/fennougria.ee\/ru\/wp-json\/wp\/v2\/event\/41143","targetHints":{"allow":["GET"]}}],"collection":[{"href":"https:\/\/fennougria.ee\/ru\/wp-json\/wp\/v2\/event"}],"about":[{"href":"https:\/\/fennougria.ee\/ru\/wp-json\/wp\/v2\/types\/event"}],"author":[{"embeddable":true,"href":"https:\/\/fennougria.ee\/ru\/wp-json\/wp\/v2\/users\/15"}],"wp:featuredmedia":[{"embeddable":true,"href":"https:\/\/fennougria.ee\/ru\/wp-json\/wp\/v2\/media\/41094"}],"wp:attachment":[{"href":"https:\/\/fennougria.ee\/ru\/wp-json\/wp\/v2\/media?parent=41143"}],"wp:term":[{"taxonomy":"post_tag","embeddable":true,"href":"https:\/\/fennougria.ee\/ru\/wp-json\/wp\/v2\/tags?post=41143"},{"taxonomy":"event-venue","embeddable":true,"href":"https:\/\/fennougria.ee\/ru\/wp-json\/wp\/v2\/event-venue?post=41143"},{"taxonomy":"event-category","embeddable":true,"href":"https:\/\/fennougria.ee\/ru\/wp-json\/wp\/v2\/event-category?post=41143"},{"taxonomy":"event-tag","embeddable":true,"href":"https:\/\/fennougria.ee\/ru\/wp-json\/wp\/v2\/event-tag?post=41143"}],"curies":[{"name":"wp","href":"https:\/\/api.w.org\/{rel}","templated":true}]}}